{"id":5986,"date":"2022-08-25T15:22:36","date_gmt":"2022-08-25T13:22:36","guid":{"rendered":"https:\/\/www.lumibird-medical.com\/?page_id=5986"},"modified":"2025-11-18T09:57:38","modified_gmt":"2025-11-18T08:57:38","slug":"politique-de-confidentialite","status":"publish","type":"page","link":"https:\/\/www.lumibirdmedical.com\/fr\/politique-de-confidentialite\/","title":{"rendered":"Politique de confidentialit\u00e9"},"content":{"rendered":"\t\t<div data-elementor-type=\"wp-page\" data-elementor-id=\"5986\" class=\"elementor elementor-5986 elementor-3\" data-elementor-post-type=\"page\">\n\t\t\t\t\t\t<section class=\"elementor-section elementor-top-section elementor-element elementor-element-dd4c8c3 elementor-section-boxed elementor-section-height-default elementor-section-height-default\" data-id=\"dd4c8c3\" data-element_type=\"section\" data-e-type=\"section\" data-settings=\"{&quot;jet_parallax_layout_list&quot;:[]}\">\n\t\t\t\t\t\t<div class=\"elementor-container elementor-column-gap-default\">\n\t\t\t\t\t<div class=\"elementor-column elementor-col-100 elementor-top-column elementor-element elementor-element-381eef1\" data-id=\"381eef1\" data-element_type=\"column\" data-e-type=\"column\">\n\t\t\t<div class=\"elementor-widget-wrap elementor-element-populated\">\n\t\t\t\t\t\t<div class=\"elementor-element elementor-element-3c1bf1b elementor-widget elementor-widget-breadcrumbs\" data-id=\"3c1bf1b\" data-element_type=\"widget\" data-e-type=\"widget\" data-widget_type=\"breadcrumbs.default\">\n\t\t\t\t<div class=\"elementor-widget-container\">\n\t\t\t\t\t<nav aria-label=\"breadcrumbs\" class=\"rank-math-breadcrumb\"><p><span class=\"last\">Lumibird Medical<\/span><\/p><\/nav>\t\t\t\t<\/div>\n\t\t\t\t<\/div>\n\t\t\t\t<div class=\"elementor-element elementor-element-3690606 elementor-widget elementor-widget-heading\" data-id=\"3690606\" data-element_type=\"widget\" data-e-type=\"widget\" data-widget_type=\"heading.default\">\n\t\t\t\t<div class=\"elementor-widget-container\">\n\t\t\t\t\t<h1 class=\"elementor-heading-title elementor-size-default\">Politique de confidentialit\u00e9<\/h1>\t\t\t\t<\/div>\n\t\t\t\t<\/div>\n\t\t\t\t\t<\/div>\n\t\t<\/div>\n\t\t\t\t\t<\/div>\n\t\t<\/section>\n\t\t\t\t<section class=\"elementor-section elementor-top-section elementor-element elementor-element-be26364 elementor-section-boxed elementor-section-height-default elementor-section-height-default\" data-id=\"be26364\" data-element_type=\"section\" data-e-type=\"section\" data-settings=\"{&quot;jet_parallax_layout_list&quot;:[]}\">\n\t\t\t\t\t\t<div class=\"elementor-container elementor-column-gap-default\">\n\t\t\t\t\t<div class=\"elementor-column elementor-col-100 elementor-top-column elementor-element elementor-element-b76d2c7\" data-id=\"b76d2c7\" data-element_type=\"column\" data-e-type=\"column\">\n\t\t\t<div class=\"elementor-widget-wrap elementor-element-populated\">\n\t\t\t\t\t\t<div class=\"elementor-element elementor-element-df88c91 elementor-widget elementor-widget-text-editor\" data-id=\"df88c91\" data-element_type=\"widget\" data-e-type=\"widget\" data-widget_type=\"text-editor.default\">\n\t\t\t\t<div class=\"elementor-widget-container\">\n\t\t\t\t\t\t\t\t\t<h4><strong>ARTICLE 1\u00a0: AVANT PROPOS<\/strong><\/h4>\n<p><i>Le RGPD et vous\u2026<\/i><\/p>\n<p>La protection des donn\u00e9es personnelles est l\u2019une de nos pr\u00e9occupations majeures. La politique de confidentialit\u00e9\u00a0s\u2019inscrit dans un contexte juridique marqu\u00e9 par\u00a0<a href=\"https:\/\/www.cnil.fr\/fr\/reglement-europeen-protection-donnees\" target=\"_blank\" rel=\"noopener\">le R\u00e8glement Europ\u00e9en sur la Protection des Donn\u00e9es<\/a>\u00a0(R\u00e8glement UE 2016\/679 du 27 avril 2016), applicable depuis le 25 mai 2018 et la\u00a0<a href=\"https:\/\/www.cnil.fr\/fr\/la-loi-informatique-et-libertes\" target=\"_blank\" rel=\"noopener\">Loi Informatique et Libert\u00e9s n\u00b078-17 du 6 janvier 1978 modifi\u00e9e<\/a>\u00a0relatif \u00e0 l\u2019informatique, aux fichiers et aux libert\u00e9s.<\/p>\n<p>Ainsi, la pr\u00e9sente politique de protection des donn\u00e9es a pour but de vous pr\u00e9senter\u00a0:<\/p>\n<ul>\n<li>Le responsable de traitement des donn\u00e9es \u00e0 caract\u00e8re personnel<\/li>\n<li>La mani\u00e8re dont sont collect\u00e9es et trait\u00e9es vos donn\u00e9es.<\/li>\n<li>Vos droits concernant l\u2019utilisation de vos donn\u00e9es personnelles<\/li>\n<li>Les destinataires \u00e0 qui vos donn\u00e9es sont transmises<\/li>\n<li>La politique du site en mati\u00e8re de gestion des cookies<\/li>\n<\/ul>\n<p>Cette politique de confidentialit\u00e9 est compl\u00e9mentaire aux\u00a0<a href=\"https:\/\/www.lumibirdmedical.com\/fr\/mentions-legales\/\" target=\"_blank\" rel=\"noopener\">mentions l\u00e9gales<\/a>\u00a0pr\u00e9sentes sur le site internet.<\/p>\n<h4><strong>ARTICLE 2\u00a0: LEXIQUE<\/strong><\/h4>\n<p><i>Promis, vous allez nous comprendre\u00a0!<\/i><\/p>\n<p><strong>Une Donn\u00e9e \u00e0 caract\u00e8re personnel<\/strong>\u00a0(ou Donn\u00e9e Personnelle) est toute information relative \u00e0 une personne identifi\u00e9e ou identifiable, c\u2019est-\u00e0-dire permettant de l\u2019identifier directement (ex., le nom et le pr\u00e9nom) ou indirectement (ex., les cookies).<\/p>\n<p><strong>Un Traitement de donn\u00e9es personnelles<\/strong>\u00a0est toute op\u00e9ration ou ensemble d\u2019op\u00e9rations (automatis\u00e9es ou non) appliqu\u00e9s \u00e0 des donn\u00e9es ou des ensembles de donn\u00e9es \u00e0 caract\u00e8re personnel, comme par exemple : la collecte, l\u2019enregistrement, l\u2019organisation, la conservation, la transmission de donn\u00e9es (\u2026)<\/p>\n<p><strong>Le Responsable de traitement<\/strong>\u00a0d\u00e9termine les finalit\u00e9s (les objectifs du traitement) et les moyens des traitements.<\/p>\n<p><strong>Le Sous-traitant<\/strong>\u00a0traite des donn\u00e9es \u00e0 caract\u00e8re personnel pour le compte du responsable du traitement et sous ses instructions.<\/p>\n<h4><strong>ARTICLE 3\u00a0: PRINCIPES GENERAUX \u00a0<\/strong><\/h4>\n<p><i>Des obligations juridiques, nous en avons\u00a0!<\/i><\/p>\n<p>Conform\u00e9ment aux dispositions de l\u2019article 5 du R\u00e8glement G\u00e9n\u00e9ral sur la Protection des Donn\u00e9es (RGPD), la collecte et le traitement de vos donn\u00e9es personnelles respectent les principes suivants\u00a0:<\/p>\n<ul>\n<li><strong>Lic\u00e9it\u00e9, loyaut\u00e9 et transparence\u00a0:<\/strong>\u00a0la collecte et le traitement des donn\u00e9es personnelles ne peuvent reposer que sur une base l\u00e9gale d\u00e9finie au pr\u00e9alable (ex\u00e9cution d\u2019un contrat, obligation l\u00e9gale, consentement, int\u00e9r\u00eat l\u00e9gitime, pr\u00e9servation des int\u00e9r\u00eats vitaux)<\/li>\n<li><strong>Finalit\u00e9s limit\u00e9es\u00a0:<\/strong>\u00a0la collecte et le traitement des donn\u00e9es personnelles sont r\u00e9alis\u00e9s pour r\u00e9pondre \u00e0 un ou plusieurs objectifs d\u00e9finis<\/li>\n<li><strong>Minimisation de la collecte et du traitement de donn\u00e9es<\/strong>\u00a0: seules les donn\u00e9es strictement n\u00e9cessaires \u00e0 la bonne ex\u00e9cution des objectifs poursuivis sont collect\u00e9es<\/li>\n<li><strong>Conservation des donn\u00e9es limit\u00e9e dans le temps\u00a0:<\/strong>\u00a0le responsable de traitement est dans l\u2019obligation de d\u00e9finir des dur\u00e9es de conservation concernant les donn\u00e9es personnelles trait\u00e9es<\/li>\n<li><strong>Int\u00e9grit\u00e9 et confidentialit\u00e9 des donn\u00e9es collect\u00e9es et trait\u00e9es<\/strong>\u00a0: le responsable de traitement s\u2019engage \u00e0 garantir l\u2019int\u00e9grit\u00e9 et la confidentialit\u00e9 des donn\u00e9es collect\u00e9es<\/li>\n<li><strong>Exactitude des donn\u00e9es\u00a0<\/strong>: le responsable de traitement s\u2019engage \u00e0 prendre toutes les mesures raisonnables pour maintenir \u00e0 jour les donn\u00e9es qu\u2019il traite, de sorte \u00e0 actualiser les donn\u00e9es inexactes et supprimer les donn\u00e9es obsol\u00e8tes.<\/li>\n<\/ul>\n<p><\/p>\n<h4><strong>ARTICLE 4\u00a0: RESPONSABLE DE TRAITEMENT ET SOUS-TRAITANT<\/strong><\/h4>\n<p><i>Nous sommes responsables\u00a0des donn\u00e9es confi\u00e9es !\u00a0<\/i><\/p>\n<p>En tant que responsable de traitement, LUMIBIRD MEDICAL s\u2019engage \u00e0 respecter les obligations issues du R\u00e8glement et de la Loi Informatique et Libert\u00e9s modifi\u00e9e, concernant la collecte et le traitement des donn\u00e9es \u00e0 caract\u00e8re personnel. Conform\u00e9ment \u00e0 l\u2019article 32 du RGPD, nous mettons en \u0153uvre toutes les mesures techniques et organisationnelles pour assurer la protection de vos donn\u00e9es personnelles.<\/p>\n<p>En tant que sous-traitant, LUMIBIRD MEDICAL s\u2019engage \u00e0 traiter les donn\u00e9es \u00e0 caract\u00e8re personnel du client qu\u2019autant que cela s\u2019av\u00e8re n\u00e9cessaire pour l\u2019ex\u00e9cution du contrat conclu. LUMIBIRD MEDICAL s\u2019engage \u00e0 suivre les instructions \u00e9crites du client, conform\u00e9ment \u00e0 l\u2019article 28 du RGPD.<\/p>\n<p>&nbsp;<\/p>\n<h4><strong>ARTICLE 5\u00a0: DONNEES A CARACTERE PERSONNEL COLLECTEES ET TRAITEES\u00a0: QUELLES DONNEES\u00a0?<\/strong><\/h4>\n<p><i>Que savons-nous sur vous\u00a0?<\/i><\/p>\n<p>Conform\u00e9ment au principe de minimisation, nous ne collectons que les donn\u00e9es n\u00e9cessaires \u00e0 la r\u00e9alisation de nos missions. Ainsi, dans le cadre de notre activit\u00e9, LUMIBIRD MEDICAL est susceptible de collecter et traiter les informations suivantes :<\/p>\n<ul>\n<li><strong>Identit\u00e9<\/strong>\u00a0: Nom, pr\u00e9nom, sexe, photographie, date et lieu de naissance<\/li>\n<li><strong>Vie professionnelle<\/strong>\u00a0: Qualification, profession, adresse \u00e9lectronique professionnelle, num\u00e9ro de t\u00e9l\u00e9phone professionnel, CV<\/li>\n<li><strong>Donn\u00e9es de connexion<\/strong>\u00a0: Adresse IP, journaux, identifiants de connexion, informations d\u2019horodatage, etc.<\/li>\n<li><strong>Internet<\/strong>\u00a0: Cookies, traceurs, donn\u00e9es de navigation, mesure d\u2019audience, etc.<\/li>\n<li><strong>Vie priv\u00e9e<\/strong>\u00a0: Adresse, e-mail, num\u00e9ro de t\u00e9l\u00e9phone, pays<\/li>\n<li><strong>Informations financi\u00e8res<\/strong>\u00a0: Coordonn\u00e9es bancaires<\/li>\n<li><strong>Donn\u00e9es sensibles<\/strong>\u00a0: Donn\u00e9es de sant\u00e9, NIR, imagerie m\u00e9dicale<\/li>\n<\/ul>\n<p>Dans le cadre de certaines missions telles que\u00a0la maintenance des machines et les \u00e9tudes cliniques (non-promoteur), nous agissons en qualit\u00e9 de sous-traitant pour le compte des professionnels de sant\u00e9. Afin de r\u00e9aliser ces missions, nous sommes amen\u00e9s \u00e0 avoir connaissance de donn\u00e9es sensibles, de personnes vuln\u00e9rables, comme des donn\u00e9es de sant\u00e9 (maladies, imageries m\u00e9dicales) et le num\u00e9ro de s\u00e9curit\u00e9 sociale.<\/p>\n<p>Conscients du niveau de sensibilit\u00e9 de ces informations, nous avons \u00e0 c\u0153ur de vous garantir un niveau maximum de confidentialit\u00e9, ainsi qu\u2019un engagement dans le respect de nos obligations l\u00e9gales et r\u00e8glementaires. Toutes les donn\u00e9es collect\u00e9es sont ainsi strictement n\u00e9cessaires \u00e0 la r\u00e9alisation de la mission que vous nous avez confi\u00e9e.<\/p>\n<p>&nbsp;<\/p>\n<p><strong>ARTICLE 6\u00a0: DONNEES A CARACTERE PERSONNEL COLLECTEES ET TRAITEES\u00a0: POUR QUELLES RAISONS\u00a0?\u00a0<\/strong><\/p>\n<p><i>Nous tenons \u00e0 vous expliquer !<\/i><\/p>\n<p>Dans l\u2019ensemble de ces situations, LUMIBIRD MEDICAL agit en qualit\u00e9 de <strong>\u00ab\u00a0Responsable de traitement<\/strong>\u00a0\u00bb au sens du RGPD.<\/p>\n<figure class=\"table\">\n<table>\n<tbody>\n<tr>\n<td><strong>DONNEES COLLECTEES<\/strong><\/td>\n<td><strong>RAISONS DE LA COLLECTE<\/strong><\/td>\n<td><strong>FONDEMENT JURIDIQUE<\/strong><\/td>\n<td><strong>DUREES DE CONSERVATION<\/strong><\/td>\n<\/tr>\n<tr>\n<td colspan=\"4\"><strong>CONSULTATION DU SITE INTERNET<\/strong><\/td>\n<\/tr>\n<tr>\n<td rowspan=\"2\">\n<ul>\n<li>Identit\u00e9<\/li>\n<li>Vie personnelle<\/li>\n<li>Vie professionnelle<\/li>\n<li>Donn\u00e9es de connexion<\/li>\n<li>Localisation<\/li>\n<li>Internet<\/li>\n<\/ul>\n<\/td>\n<td>Nous utilisons ces donn\u00e9es afin de\u00a0:<\/p>\n<p>\u2013 Vous adresser des communications commerciales\u00a0<i>(si vous nous en avez fait la demande)<\/i><\/p>\n<p>\u2013 Vous adresser nos devis\u00a0<i>(si vous nous en avez fait la demande)<\/i><\/p>\n<p>\u2013 Vous contacter lorsque vous remplissez le formulaire de contact<\/p>\n<p>\u2013 Proc\u00e9der \u00e0 des analyses d\u2019audience ou r\u00e9aliser des statistiques (si accord)<\/td>\n<td>Consentement<\/td>\n<td rowspan=\"2\">Vos donn\u00e9es de navigation sur notre site internet sont conserv\u00e9es pour une dur\u00e9e maximale de 13 mois<\/p>\n<p>&nbsp;<\/p>\n<p>Les donn\u00e9es r\u00e9colt\u00e9es par le biais du formulaire sont conserv\u00e9es durant 3 ans \u00e0 compter de la collecte ou du dernier contact \u00e9manant du prospect<\/td>\n<\/tr>\n<tr>\n<td>\u2013 Vous proposer des services personnalis\u00e9s<\/p>\n<p>\u2013 Contr\u00f4ler et am\u00e9liorer notre site Internet<\/p>\n<p>\u2013 S\u00e9curiser notre site Internet et assurer notre et votre protection contre la fraude.<\/td>\n<td>Int\u00e9r\u00eat l\u00e9gitime<\/td>\n<\/tr>\n<\/tbody>\n<\/table>\n<\/figure>\n<p><\/p>\n<figure class=\"table\">\n<table>\n<tbody>\n<tr>\n<td colspan=\"4\"><strong>GESTION DE LA RELATION CLIENT<\/strong><\/td>\n<\/tr>\n<tr>\n<td>\n<ul>\n<li>Identit\u00e9<\/li>\n<li>Vie personnelle<\/li>\n<li>Vie professionnelle<\/li>\n<li>Informations \u00e9conomiques<\/li>\n<\/ul>\n<\/td>\n<td>Nous utilisons ces donn\u00e9es afin de :<\/p>\n<p>\u2013 G\u00e9rer la relation commerciale<\/p>\n<p>\u2013 G\u00e9rer vos commandes<\/p>\n<p>\u2013 G\u00e9rer les r\u00e8glements, facturations, etc\u2026<\/p>\n<p>\u2013 Traiter et assurer le suivi de votre commande, y compris la livraison<\/p>\n<p>\u2013 G\u00e9rer les r\u00e9clamations clients<\/p>\n<p>\u2013 R\u00e9pondre \u00e0 vos questions et interagir avec vous de toute autre mani\u00e8re<\/td>\n<td>Ex\u00e9cution d\u2019un contrat<\/td>\n<td>Conservation le temps de la relation commerciale et 5 ans apr\u00e8s la fin de la relation.<\/p>\n<p>&nbsp;<\/p>\n<p>Conservation des factures pendant 10 ans.<\/td>\n<\/tr>\n<\/tbody>\n<\/table>\n<\/figure>\n<p><\/p>\n<figure class=\"table\">\n<table>\n<tbody>\n<tr>\n<td colspan=\"4\"><strong>GESTION DU RECRUTEMENT\u00a0<\/strong><\/td>\n<\/tr>\n<tr>\n<td>\n<ul>\n<li>Identit\u00e9<\/li>\n<li>Vie personnelle<\/li>\n<li>Vie professionnelle<\/li>\n<li>Localisation<\/li>\n<li>Internet<\/li>\n<\/ul>\n<\/td>\n<td>Nous utilisons ces donn\u00e9es afin de :<\/p>\n<p>\u2013 G\u00e9rer les demandes de candidatures\u00a0<strong>en ligne<\/strong>\u00a0(candidature spontan\u00e9e)<\/p>\n<p>\u2013 Constituer une CVth\u00e8que (si consentement de votre part)<\/td>\n<td>Consentement<\/td>\n<td>2 ans apr\u00e8s le dernier contact avec le candidat sur consentement de ce dernier<\/td>\n<\/tr>\n<tr>\n<td>\n<ul>\n<li>Identit\u00e9<\/li>\n<li>Vie personnelle<\/li>\n<li>Vie professionnelle<\/li>\n<\/ul>\n<\/td>\n<td>\u2013 R\u00e9ceptionner et enregistrer les candidatures adress\u00e9es par courriel ou courrier<br \/>\n-G\u00e9rer les proc\u00e9dures de recrutement en lien avec la hi\u00e9rarchie<br \/>\n\u2013 R\u00e9pondre aux candidats \u00e0 un emploi ou \u00e0 un stage<br \/>\n\u2013 G\u00e9rer les contentieux<\/td>\n<td>Int\u00e9r\u00eat l\u00e9gitime<\/td>\n<td>Candidat non-retenu\u00a0: 2 ans apr\u00e8s le dernier contact avec le candidat sur consentement de ce dernier.<\/p>\n<p>Candidat retenu\u00a0: 5 ans \u00e0 compter du d\u00e9part<\/td>\n<\/tr>\n<\/tbody>\n<\/table>\n<\/figure>\n<p><\/p>\n<figure class=\"table\">\n<table>\n<tbody>\n<tr>\n<td colspan=\"4\"><strong>INSCRIPTION A LA NEWSLETTER ET COMMUNICATIONS COMMERCIALES<\/strong><\/td>\n<\/tr>\n<tr>\n<td rowspan=\"3\">\n<ul>\n<li>Identit\u00e9<\/li>\n<li>Vie personnelle<\/li>\n<li>Vie professionnelle<\/li>\n<li>Donn\u00e9es de connexion<\/li>\n<\/ul>\n<\/td>\n<td>Nous utilisons ces donn\u00e9es afin de :<\/p>\n<p>\u2013 Vous adresser des communications commerciales\u00a0<i>(si vous nous en avez fait la demande)\u00a0<\/i><\/td>\n<td>Consentement<\/td>\n<td rowspan=\"3\">Les donn\u00e9es sont conserv\u00e9es tant que la personne concern\u00e9e ne se d\u00e9sinscrit pas\u00a0<i>(via le lien de d\u00e9sinscription int\u00e9gr\u00e9 aux newsletters)\u00a0<\/i>et 3 ans \u00e0 compter de la fin de la relation contractuelle.<\/td>\n<\/tr>\n<tr>\n<td>\u2013 Vous adresser des communications d\u2019information<\/td>\n<td>Int\u00e9r\u00eat l\u00e9gitime<\/td>\n<\/tr>\n<tr>\n<td>\u2013 Tenir \u00e0 jour une liste de suppression si vous avez demand\u00e9 \u00e0 ne pas \u00eatre contact\u00e9<\/td>\n<td>Obligations l\u00e9gales<\/td>\n<\/tr>\n<\/tbody>\n<\/table>\n<\/figure>\n<p>&nbsp;<\/p>\n<figure class=\"table\">\n<table>\n<tbody>\n<tr>\n<td colspan=\"4\"><strong>GESTION DES ETUDES CLINIQUES (EN TANT QUE PROMOTEUR)<\/strong><\/td>\n<\/tr>\n<tr>\n<td>\n<ul>\n<li>Vie personnelle<\/li>\n<li>Donn\u00e9es sensibles<\/li>\n<\/ul>\n<\/td>\n<td>Donn\u00e9es des patients\u00a0:<\/p>\n<p>Nous utilisons ces donn\u00e9es afin de :<\/p>\n<p>\u2013 Effectuer des recherches en collaboration avec des universitaires et entreprises sur des \u00e9tudes technologiques et le d\u00e9veloppement de nouveaux produits<\/td>\n<td>Ex\u00e9cution du contrat<\/td>\n<td>Jusqu\u2019\u00e0 la fin de la recherche<\/p>\n<p>Jusqu\u2019\u00e0 15 ans apr\u00e8s la fin de l\u2019inclusion du dernier patient<\/td>\n<\/tr>\n<tr>\n<td>\n<ul>\n<li>Donn\u00e9es anonymis\u00e9es\u00a0<i>(traitement non-concern\u00e9 par le RGPD)<\/i><\/li>\n<\/ul>\n<\/td>\n<td>\u2013 Utiliser les donn\u00e9es anonymis\u00e9es \u00e0 des fins de pr\u00e9sentation scientifique<\/td>\n<td>Int\u00e9r\u00eat l\u00e9gitime<\/td>\n<td>N\/C<\/td>\n<\/tr>\n<tr>\n<td>\n<ul>\n<li>Identit\u00e9<\/li>\n<li>Vie personnelle<\/li>\n<li>Vie professionnelle<\/li>\n<\/ul>\n<\/td>\n<td><strong>Donn\u00e9es des praticiens et de l\u2019\u00e9quipe m\u00e9dicale :<\/strong><\/p>\n<p>Nous utilisons ces donn\u00e9es afin de :<\/p>\n<p>\u2013 G\u00e9rer le bon d\u00e9roulement de la demande d\u2019autorisation d\u2019\u00e9tude aupr\u00e8s des autorit\u00e9s<\/p>\n<p>\u2013 Communiquer de mani\u00e8re fluide avec les praticiens l\u2019\u00e9quipe m\u00e9dicale<\/td>\n<td>Ex\u00e9cution du contrat<\/td>\n<td>Jusqu\u2019\u00e0 la fin de la recherche<\/p>\n<p>Jusqu\u2019\u00e0 15 ans apr\u00e8s la fin de l\u2019inclusion du dernier patient<\/td>\n<\/tr>\n<\/tbody>\n<\/table>\n<\/figure>\n<p><\/p>\n<figure class=\"table\">\n<table>\n<tbody>\n<tr>\n<td colspan=\"4\"><strong>FORMATION\u00a0<\/strong><\/td>\n<\/tr>\n<tr>\n<td>\n<ul>\n<li>Identit\u00e9<\/li>\n<li>Vie professionnelle<\/li>\n<li>Donn\u00e9es sensibles<\/li>\n<\/ul>\n<\/td>\n<td>Nous utilisons ces donn\u00e9es afin de :<\/p>\n<p>\u2013 Organiser des sessions de formation sur l\u2019utilisation et sur la maintenance des produits<\/td>\n<td>Ex\u00e9cution du contrat<\/td>\n<td>5 ans \u00e0 compter de la fin de la relation contractuelle<\/td>\n<\/tr>\n<\/tbody>\n<\/table>\n<\/figure>\n<p><\/p>\n<figure class=\"table\">\n<table>\n<tbody>\n<tr>\n<td colspan=\"4\"><strong>SUIVI DES EFFETS INDESIRABLES SUR LES PATIENTS\u00a0<\/strong><\/td>\n<\/tr>\n<tr>\n<td>\n<ul>\n<li>Identit\u00e9<\/li>\n<li>Vie personnelle<\/li>\n<li>Vie professionnelle<\/li>\n<li>Donn\u00e9es sensibles<\/li>\n<\/ul>\n<\/td>\n<td>Nous utilisons ces donn\u00e9es afin de :<\/p>\n<p>\u2013 G\u00e9rer les r\u00e9clamations des m\u00e9decins<\/p>\n<p>\u2013 G\u00e9rer les retours des produits<\/p>\n<p>\u2013\u00a0 Surveiller le march\u00e9<\/p>\n<p>\u2013 Effectuer les remont\u00e9es d\u2019incidents aupr\u00e8s des autorit\u00e9s comp\u00e9tentes<\/p>\n<p>\u2013 Effectuer une veille normative<\/td>\n<td>Obligation l\u00e9gale<\/td>\n<td>Conservation conform\u00e9ment \u00e0 la D\u00e9lib\u00e9ration n\u00b0 2019-057 du 9 mai 2019 portant adoption d\u2019un r\u00e9f\u00e9rentiel relatif aux traitements de donn\u00e9es \u00e0 caract\u00e8re personnel mis en \u0153uvre \u00e0 des fins de gestion des vigilances sanitaires<\/td>\n<\/tr>\n<\/tbody>\n<\/table>\n<\/figure>\n<p><\/p>\n<figure class=\"table\">\n<table>\n<tbody>\n<tr>\n<td colspan=\"4\"><strong>DEMONSTRATION\/PRET DES MACHINES<\/strong><\/td>\n<\/tr>\n<tr>\n<td rowspan=\"2\">\n<ul>\n<li>Identit\u00e9<\/li>\n<li>Vie personnelle<\/li>\n<li>Vie professionnelle<\/li>\n<li>Donn\u00e9es sensibles<\/li>\n<\/ul>\n<\/td>\n<td>\u2013 R\u00e9glage des appareils<\/p>\n<p>\u2013 D\u00e9sinstallation du mat\u00e9riel<\/p>\n<p>\u2013 Suivi technique<\/p>\n<p>&nbsp;<\/td>\n<td>Ex\u00e9cution du contrat<\/td>\n<td>Conservation durant 5 ans \u00e0 compter de la fin de la relation contractuelle<\/td>\n<\/tr>\n<tr>\n<td>\u2013 Effectuer des remont\u00e9es d\u2019incidents aupr\u00e8s des autorit\u00e9s de contr\u00f4le comp\u00e9tentes<\/td>\n<td>Obligations l\u00e9gales<\/td>\n<td>Conservation conform\u00e9ment \u00e0 la D\u00e9lib\u00e9ration n\u00b0 2019-057 du 9 mai 2019 portant adoption d\u2019un r\u00e9f\u00e9rentiel relatif aux traitements de donn\u00e9es \u00e0 caract\u00e8re personnel mis en \u0153uvre \u00e0 des fins de gestion des vigilances sanitaires<\/td>\n<\/tr>\n<\/tbody>\n<\/table>\n<\/figure>\n<p>Dans le cadre de nos missions, LUMIBIRD MEDICAL agit en qualit\u00e9 de <strong>\u00ab sous-traitant \u00bb,\u00a0<\/strong>pour le compte de ses clients\u00a0:<\/p>\n<figure class=\"table\">\n<table>\n<tbody>\n<tr>\n<td><strong>DONNEES COLLECTEES<\/strong><\/td>\n<td><strong>RAISONS DE LA COLLECTE<\/strong><\/td>\n<td><strong>FONDEMENT JURIDIQUE<\/strong><\/td>\n<td><strong>DUREE DE CONSERVATION<\/strong><\/td>\n<\/tr>\n<tr>\n<td colspan=\"4\"><strong>MAINTENANCE DU MATERIEL<\/strong><\/td>\n<\/tr>\n<tr>\n<td rowspan=\"2\">\n<ul>\n<li>Identit\u00e9<\/li>\n<li>Vie personnelle<\/li>\n<li>Vie professionnelle<\/li>\n<li>Donn\u00e9es sensibles<\/li>\n<\/ul>\n<\/td>\n<td>\u2013 Gestion des r\u00e9clamations clients et du service apr\u00e8s-vente<\/p>\n<p>\u2013 Maintenance du mat\u00e9riel<\/p>\n<p>\u2013 Etablissement d\u2019un bon de r\u00e9paration<\/td>\n<td>Ex\u00e9cution du contrat<\/td>\n<td>Conservation durant 5 ans \u00e0 compter de la fin de la relation contractuelle<\/td>\n<\/tr>\n<tr>\n<td>\u2013 Effectuer des remont\u00e9es d\u2019incidents aupr\u00e8s des autorit\u00e9s de contr\u00f4le comp\u00e9tentes<\/td>\n<td>Obligations l\u00e9gales<\/td>\n<td>Conservation conform\u00e9ment \u00e0 la D\u00e9lib\u00e9ration n\u00b0 2019-057 du 9 mai 2019 portant adoption d\u2019un r\u00e9f\u00e9rentiel relatif aux traitements de donn\u00e9es \u00e0 caract\u00e8re personnel mis en \u0153uvre \u00e0 des fins de gestion des vigilances sanitaires<\/td>\n<\/tr>\n<\/tbody>\n<\/table>\n<\/figure>\n<p><\/p>\n<figure class=\"table\">\n<table>\n<tbody>\n<tr>\n<td colspan=\"4\"><strong>SUPPORT TECHNIQUE<\/strong><\/td>\n<\/tr>\n<tr>\n<td>\n<ul>\n<li>Identit\u00e9<\/li>\n<li>Vie professionnelle<\/li>\n<li>Vie personnelle<\/li>\n<li>Donn\u00e9es sensibles<\/li>\n<\/ul>\n<\/td>\n<td>Nous utilisons ces donn\u00e9es afin de :<\/p>\n<p>\u2013 G\u00e9rer les demandes de services (DDS) et situations techniques bloquantes<\/p>\n<p>\u2013 Tracer la relation et des \u00e9changes<\/td>\n<td>Ex\u00e9cution du contrat<\/td>\n<td>5 ans \u00e0 compter de la fin de la relation contractuelle<\/td>\n<\/tr>\n<\/tbody>\n<\/table>\n<\/figure>\n<p><\/p>\n<figure class=\"table\">\n<table>\n<tbody>\n<tr>\n<td colspan=\"4\"><strong>REALISATION DES ETUDES CLINIQUES (NON-PROMOTEUR DE L\u2019ETUDE)<\/strong><\/td>\n<\/tr>\n<tr>\n<td>\n<ul>\n<li>Vie personnelle<\/li>\n<li>Donn\u00e9es sensibles<\/li>\n<\/ul>\n<\/td>\n<td>Donn\u00e9es des patients\u00a0:<\/p>\n<p>Nous utilisons ces donn\u00e9es afin de :<\/p>\n<p>\u2013 Effectuer des recherches en collaboration avec des universitaires et entreprises sur des \u00e9tudes technologiques et le d\u00e9veloppement de nouveaux produits<\/td>\n<td>Ex\u00e9cution du contrat<\/td>\n<td>Jusqu\u2019\u00e0 la fin de la recherche<\/p>\n<p>Jusqu\u2019\u00e0 15 ans apr\u00e8s la fin de l\u2019inclusion du dernier patient<\/td>\n<\/tr>\n<tr>\n<td>\n<ul>\n<li>Donn\u00e9es anonymis\u00e9es\u00a0<i>(traitement non-concern\u00e9 par le RGPD)<\/i><\/li>\n<\/ul>\n<\/td>\n<td>\u2013 Utiliser les donn\u00e9es anonymis\u00e9es \u00e0 des fins de pr\u00e9sentation scientifique<\/td>\n<td>Int\u00e9r\u00eat l\u00e9gitime<\/td>\n<td>N\/C<\/td>\n<\/tr>\n<tr>\n<td>\n<ul>\n<li>Identit\u00e9<\/li>\n<li>Vie personnelle<\/li>\n<li>Vie professionnelle<\/li>\n<\/ul>\n<\/td>\n<td><strong>Donn\u00e9es des praticiens et de l\u2019\u00e9quipe m\u00e9dicale :<\/strong><\/p>\n<p>Nous utilisons ces donn\u00e9es afin de :<\/p>\n<p>\u2013 G\u00e9rer le bon d\u00e9roulement de la demande d\u2019autorisation d\u2019\u00e9tude aupr\u00e8s des autorit\u00e9s<\/p>\n<p>\u2013 Communiquer de mani\u00e8re fluide avec les praticiens l\u2019\u00e9quipe m\u00e9dicale<\/td>\n<td>Ex\u00e9cution du contrat<\/td>\n<td>Jusqu\u2019\u00e0 la fin de la recherche<\/p>\n<p>Jusqu\u2019\u00e0 15 ans apr\u00e8s la fin de l\u2019inclusion du dernier patient<\/td>\n<\/tr>\n<\/tbody>\n<\/table>\n<\/figure>\n<p><\/p>\n<figure class=\"table\">\n<table>\n<tbody>\n<tr>\n<td colspan=\"4\"><strong>MyLumiSpace<\/strong><\/td>\n<\/tr>\n<tr>\n<td>Nom, pr\u00e9nom, adresse mail professionnelle, localisation<\/td>\n<td>&nbsp;<\/p>\n<p>Cr\u00e9ation et gestion des comptes utilisateurs<\/p>\n<p>Gestion de l\u2019espace personnel<\/td>\n<td>Les donn\u00e9es comptes sont r\u00e9g\u00e9n\u00e9r\u00e9s tous les 3 mois<\/td>\n<td>Ex\u00e9cution contractuelle<\/td>\n<\/tr>\n<tr>\n<td>Adresse mail<\/td>\n<td>Partage de documents avec des prospect\/clients<\/td>\n<td>Historique des envois conserv\u00e9s 3 mois<\/p>\n<p>-Clients : contact\u00e9s pendant la dur\u00e9e du contrat,<\/p>\n<p>-Prospects\u00a0: contact\u00e9s jusqu\u2019\u00e0 3 ans apr\u00e8s le dernier contact \u00e9manant d\u2019eux.<\/p>\n<p>&nbsp;<\/td>\n<td>Ex\u00e9cution contractuelle<\/p>\n<p>Int\u00e9r\u00eat l\u00e9gitime<\/p>\n<p>&nbsp;<\/p>\n<p>&nbsp;<\/td>\n<\/tr>\n<tr>\n<td>Date et heure de consultation des documents<\/td>\n<td>Suivi et statistiques de consultation des documents (cookies et traceurs)<\/td>\n<td>3 mois, puis anonymis\u00e9.<\/td>\n<td>Consentement<\/td>\n<\/tr>\n<tr>\n<td>Nombre de connexion<\/td>\n<td>Traitement Marketing interne\u00a0: statistiques d\u2019usage de l\u2019application<\/td>\n<td>Donn\u00e9es anonymis\u00e9es<\/td>\n<td>Int\u00e9r\u00eat l\u00e9gitime<\/td>\n<\/tr>\n<\/tbody>\n<\/table>\n<\/figure>\n<p><\/p>\n<h4><strong>ARTICLE 7\u00a0: DONNEES A CARACTERE PERSONNEL\u00a0: QUI A ACCES A VOS DONNEES PERSONNELLES\u00a0?<\/strong><\/h4>\n<p><i>On ne les transmet pas \u00e0 n\u2019importe qui !<\/i><\/p>\n<p>LUMIBIRD MEDICAL s\u2019engage \u00e0 ne transmettre vos donn\u00e9es personnelles qu\u2019aux seules personnes habilit\u00e9es en interne et aux tiers autoris\u00e9s tels que l\u2019administration des imp\u00f4ts, des douanes ou de l\u2019\u00e9conomie, l\u2019administration de la justice, de la police et de la gendarmerie ou encore l\u2019administration de l\u2019action sociale et autorit\u00e9s sanitaires.<\/p>\n<p>LUMIBIRD MEDICAL peut, \u00e9ventuellement, transmettre vos donn\u00e9es personnelles \u00e0 des sous-traitants tels que :<\/p>\n<ul>\n<li>SALES FORCE\u00a0: CRM<\/li>\n<li>SAGE\u00a0: ERP<\/li>\n<li>MAILJET\u00a0: gestion des e-mailing<\/li>\n<li>EASYMEDSTAT\u00a0: \u00e9tude clinique<\/li>\n<li>FACTORIAL : recrutement<\/li>\n<\/ul>\n<p>Le recours \u00e0 ces prestataires est n\u00e9cessaire \u00e0 la bonne r\u00e9alisation de nos services. Nous nous engageons \u00e0 v\u00e9rifier et garantir le respect de leur conformit\u00e9 au regard du RGPD et de la Loi Informatique et Libert\u00e9s modifi\u00e9e.<\/p>\n<p>Hormis les destinataires cit\u00e9s ci-dessus, LUMIBIRD MEDICAL s\u2019engage \u00e0 ne pas transmettre vos donn\u00e9es personnelles, \u00e0 des tiers ou \u00e0 des organismes externes, sans votre accord expr\u00e8s.<\/p>\n<p>LUMIBIRD MEDICAL ne proc\u00e8de et ne proc\u00e8dera \u00e0 aucune vente, aucune cession, aucune communication de vos donn\u00e9es personnelles \u00e0 des tiers non autoris\u00e9s.<\/p>\n<p>LUMIBIRD MEDICAL n\u2019a recours \u00e0 aucune d\u00e9cision automatis\u00e9e sur la base de vos donn\u00e9es personnelles. Aucun profilage n\u2019est mis en \u0153uvre lors du traitement, et les donn\u00e9es que nous collectons ne seront jamais utilis\u00e9es sans intervention humaine.<\/p>\n<p>&nbsp;<\/p>\n<h4><strong>ARTICLE 8\u00a0: VOS DROITS<\/strong><\/h4>\n<p><i>Vous avez toutes les cartes en main !<\/i><\/p>\n<p><strong>8.1 Vos droits<\/strong><\/p>\n<p>Conform\u00e9ment \u00e0 la r\u00e9glementation en vigueur, vous disposez des droits suivants concernant vos donn\u00e9es personnelles\u00a0:<\/p>\n<ul>\n<li><strong>DROIT D\u2019ACC\u00c8S<\/strong>\u00a0: Vous pouvez, \u00e0 tout moment, acc\u00e9der aux donn\u00e9es personnelles que nous d\u00e9tenons \u00e0 votre sujet.<\/li>\n<li><strong>DROIT DE RECTIFICATION<\/strong>\u00a0: Si vous constatez une erreur, une omission ou une ambigu\u00eft\u00e9 dans vos donn\u00e9es \u00e0 caract\u00e8re personnel, vous pouvez demander \u00e0 ce qu\u2019elles soient compl\u00e9t\u00e9es, corrig\u00e9es ou clarifi\u00e9es.<\/li>\n<li><strong>DROIT D\u2019OPPOSITION<\/strong>\u00a0: Vous conservez \u00e0 tout moment le droit de vous opposer \u00e0 l\u2019utilisation de vos donn\u00e9es personnelles dans le cadre des activit\u00e9s de notre soci\u00e9t\u00e9 en relation avec le traitement de vos donn\u00e9es.<\/li>\n<li><strong>DROIT \u00c0 L\u2019EFFACEMENT<\/strong>\u00a0: Vous pouvez \u00e9galement nous demander d\u2019effacer vos donn\u00e9es \u00e0 caract\u00e8re personnel.<\/li>\n<li><strong>DROIT \u00c0 LA PORTABILIT\u00c9<\/strong>\u00a0: Vous avez le droit de recevoir vos donn\u00e9es dans un format structur\u00e9, couramment utilis\u00e9 et lisible par machine. Vous pouvez \u00e9galement nous demander de transf\u00e9rer vos donn\u00e9es \u00e0 caract\u00e8re personnel \u00e0 une autre organisation.<\/li>\n<li><strong>D\u00c9C\u00c8S NUM\u00c9RIQUE<\/strong>\u00a0: Vous pouvez d\u00e9cider du sort de vos donn\u00e9es num\u00e9riques personnelles apr\u00e8s votre d\u00e9c\u00e8s.<\/li>\n<\/ul>\n<p><strong>8.2\u00a0<\/strong><strong>Le DPO\u00a0<\/strong><\/p>\n<p>LUMIBIRD MEDICAL a d\u00e9sign\u00e9 un D\u00e9l\u00e9gu\u00e9 \u00e0 la Protection des Donn\u00e9es (DPD). Ainsi, pour pouvoir exercer vos droits, vous pouvez contacter notre D\u00e9l\u00e9gu\u00e9 \u00e0 la Protection des Donn\u00e9es (DPD) \u00e0 l\u2019adresse suivante :<\/p>\n<p>Nom\u00a0: OPTIMEX DATA<\/p>\n<p>Adresse : <a href=\"mailto:privacy@lumibird.com\">privacy@lumibird.com<\/a><\/p>\n<p>T\u00e9l\u00e9phone : +33 (0)4 76 63 61 61<\/p>\n<p>Conform\u00e9ment \u00e0 la r\u00e9glementation en vigueur, le d\u00e9lai de r\u00e9ponse est d&rsquo;un mois.<br \/>En cas de complexit\u00e9 ou de nombre \u00e9lev\u00e9 de demandes, le d\u00e9lai de r\u00e9ponse peut \u00eatre prolong\u00e9 de deux mois.<\/p>\n<p><strong>8.3 La r\u00e9clamation aupr\u00e8s de la CNIL<\/strong><\/p>\n<p>Vous pouvez \u00e0 tout moment, introduire une r\u00e9clamation aupr\u00e8s de l\u2019autorit\u00e9 comp\u00e9tente \u00e0 savoir la Commission National de l\u2019Informatique et des Libert\u00e9s (CNIL) en suivant le lien suivant\u00a0:\u00a0<a href=\"https:\/\/www.cnil.fr\/fr\/plaintes\" target=\"_blank\" rel=\"noopener\">https:\/\/www.cnil.fr\/fr\/plaintes<\/a>.<\/p>\n<h4><strong>ARTICLE 9\u00a0: LES MESURES DE SECURITE<\/strong><\/h4>\n<p><i>Vous nous confiez vos donn\u00e9es, nous en prenons soin\u00a0!<\/i><\/p>\n<p>LUMIBIRD MEDICAL se pr\u00e9occupe de la s\u00e9curit\u00e9 des donn\u00e9es personnelles qu\u2019il s\u2019engage \u00e0 traiter de mani\u00e8re s\u00e9curis\u00e9e et uniquement pendant la dur\u00e9e n\u00e9cessaire \u00e0 la r\u00e9alisation de la finalit\u00e9 poursuivie.<\/p>\n<p>LUMIBIRD MEDICAL a mis en place des mesures techniques et organisationnelles pour assurer un niveau de protection des donn\u00e9es ad\u00e9quat par rapport \u00e0 la nature et la finalit\u00e9 des traitements.<\/p>\n<p>Ainsi, conform\u00e9ment \u00e0 l\u2019article 32 du RGPD relatif \u00e0 la s\u00e9curit\u00e9 des traitements, LUMIBIRD MEDICAL a mis en place des moyens permettant de garantir la confidentialit\u00e9, l\u2019int\u00e9grit\u00e9, la disponibilit\u00e9 et la r\u00e9silience constantes des syst\u00e8mes et services de traitement<\/p>\n<p>L\u2019obligation de s\u00e9curit\u00e9 reste toutefois une obligation de moyen c\u2019est-\u00e0-dire que nous mettons tout en \u0153uvre pour garantir la confidentialit\u00e9 et l\u2019int\u00e9grit\u00e9 de vos donn\u00e9es personnelles.<\/p>\n<p>Conform\u00e9ment \u00e0 la r\u00e9glementation en vigueur, LUMIBIRD MEDICAL informera l&rsquo;autorit\u00e9 de contr\u00f4le comp\u00e9tente d&rsquo;une violation au plus tard 72 heures apr\u00e8s en avoir pris connaissance.<\/p>\n<p>L\u2019ensemble des personnes ayant acc\u00e8s \u00e0 vos donn\u00e9es personnelles a \u00e9t\u00e9 sensibilis\u00e9 aux bonnes pratiques en mati\u00e8re de protection des donn\u00e9es. Elles sont tenues par une obligation de confidentialit\u00e9, et s\u2019exposent en cas de non-respect de cette disposition \u00e0 des sanctions disciplinaires.<\/p>\n<h4><strong>ARTICLE 10\u00a0: LES TRANSFERTS DE DONNEES HORS UNION EUROPEENNE<\/strong><\/h4>\n<p><i>Un voyage bien organis\u00e9\u00a0!<\/i><\/p>\n<p>Dans le cadre de notre activit\u00e9 et pour la gestion de vos demandes, nous pouvons \u00eatre amen\u00e9s \u00e0 transf\u00e9rer des donn\u00e9es en dehors de l\u2019Union Europ\u00e9enne. Toutefois, avant toute transmission de vos donn\u00e9es personnelles, nous proc\u00e9dons aux v\u00e9rifications des r\u00e8gles applicables en mati\u00e8re de transferts de donn\u00e9es hors Union Europ\u00e9enne.<\/p>\n<p>En effet, dans le cadre de l\u2019ADV, des informations peuvent \u00eatre communiqu\u00e9es aupr\u00e8s de nos filiales.<\/p>\n<p>Les contrats de distribution peuvent \u00eatre \u00e9galement transmis afin d\u2019assurer un suivi de la relation commerciale \u00e0 notre filiale.<\/p>\n<p>Dans le cadre de la communication, des donn\u00e9es peuvent \u00eatre transmises \u00e0 nos filiales.<\/p>\n<p>Conform\u00e9ment aux dispositions du RGPD et afin de garantir la s\u00e9curit\u00e9 et la confidentialit\u00e9 des donn\u00e9es, des mesures sont en cours de mises en place notamment des Clauses Contractuelles Types.<\/p>\n<p>&nbsp;<\/p>\n<h4><strong>ARTICLE 11\u00a0: LES COOKIES<\/strong><\/h4>\n<p><i>Vous avez le choix entre manger des cookies ou vous mettre au r\u00e9gime\u00a0<\/i><\/p>\n<p>Certaines fonctionnalit\u00e9s de ce site reposent sur l\u2019usage de cookies.<br \/>Le bandeau cookies ne s\u2019affiche pas sur la page d\u2019accueil lors de votre navigation car seuls des cookies n\u00e9cessaires au fonctionnement du site sont d\u00e9pos\u00e9s (vous pouvez cependant vous y opposer en cochant la case pr\u00e9sente dans la politique des cookies).<\/p>\n<p>Les services de mesure d&rsquo;audience sont n\u00e9cessaires au fonctionnement du site en permettant sa bonne administration. Vous avez cependant la possibilit\u00e9 de vous opposer \u00e0 leur usage.<\/p>\n<p>Vous trouverez \u00e9galement notre <a href=\"https:\/\/www.lumibirdmedical.com\/fr\/politique-des-cookies\/\">politique des cookies<\/a> en ligne sur notre site internet.<\/p>\n<h4><strong>ARTICLE 12\u00a0: MISE A JOUR DE LA POLITIQUE DE PROTECTION DES DONNEES<\/strong><\/h4>\n<p><i>Vous tenez le bon bout, c\u2019est bient\u00f4t la fin de la lecture\u00a0!\u00a0<\/i><\/p>\n<p>La pr\u00e9sente politique de protection des donn\u00e9es personnelles peut \u00eatre amen\u00e9e \u00e0 \u00e9voluer.<\/p>\n<p>La derni\u00e8re mise \u00e0 jour a \u00e9t\u00e9 effectu\u00e9e le 03.10.2025.<\/p>\n\t\t\t\t\t\t\t\t<\/div>\n\t\t\t\t<\/div>\n\t\t\t\t\t<\/div>\n\t\t<\/div>\n\t\t\t\t\t<\/div>\n\t\t<\/section>\n\t\t\t\t<\/div>\n\t\t","protected":false},"excerpt":{"rendered":"<p>Lumibird Medical ARTICLE 1\u00a0: AVANT PROPOS Le RGPD et vous\u2026 La protection des donn\u00e9es personnelles est l\u2019une de nos pr\u00e9occupations majeures. La politique de confidentialit\u00e9\u00a0s\u2019inscrit dans un contexte juridique marqu\u00e9 par\u00a0le R\u00e8glement Europ\u00e9en sur la Protection des Donn\u00e9es\u00a0(R\u00e8glement UE 2016\/679 du 27 avril 2016), applicable depuis le 25 mai 2018 et la\u00a0Loi Informatique et Libert\u00e9s [&hellip;]<\/p>\n","protected":false},"author":1,"featured_media":0,"parent":0,"menu_order":20,"comment_status":"closed","ping_status":"closed","template":"","meta":{"footnotes":""},"class_list":["post-5986","page","type-page","status-publish","hentry"],"acf":[],"_links":{"self":[{"href":"https:\/\/www.lumibirdmedical.com\/fr\/wp-json\/wp\/v2\/pages\/5986","targetHints":{"allow":["GET"]}}],"collection":[{"href":"https:\/\/www.lumibirdmedical.com\/fr\/wp-json\/wp\/v2\/pages"}],"about":[{"href":"https:\/\/www.lumibirdmedical.com\/fr\/wp-json\/wp\/v2\/types\/page"}],"author":[{"embeddable":true,"href":"https:\/\/www.lumibirdmedical.com\/fr\/wp-json\/wp\/v2\/users\/1"}],"replies":[{"embeddable":true,"href":"https:\/\/www.lumibirdmedical.com\/fr\/wp-json\/wp\/v2\/comments?post=5986"}],"version-history":[{"count":17,"href":"https:\/\/www.lumibirdmedical.com\/fr\/wp-json\/wp\/v2\/pages\/5986\/revisions"}],"predecessor-version":[{"id":9622,"href":"https:\/\/www.lumibirdmedical.com\/fr\/wp-json\/wp\/v2\/pages\/5986\/revisions\/9622"}],"wp:attachment":[{"href":"https:\/\/www.lumibirdmedical.com\/fr\/wp-json\/wp\/v2\/media?parent=5986"}],"curies":[{"name":"wp","href":"https:\/\/api.w.org\/{rel}","templated":true}]}}